{"id":288,"date":"2021-07-09T11:06:59","date_gmt":"2021-07-09T09:06:59","guid":{"rendered":"http:\/\/btztebl.cluster030.hosting.ovh.net\/?page_id=288"},"modified":"2025-07-01T10:43:52","modified_gmt":"2025-07-01T08:43:52","slug":"la-section-sportive-ski-montagne","status":"publish","type":"page","link":"https:\/\/lyceerochefortmontagne.fr\/?page_id=288","title":{"rendered":"La section sportive Montagne-Ski"},"content":{"rendered":"\n<h2 class=\"wp-block-heading has-text-align-center\"><strong>Au c\u0153ur d\u2019un environnement paysager et naturel exceptionnel.<br>Terrain d\u2019activit\u00e9s des sportifs avides de nature pr\u00e9serv\u00e9e&#8230;<\/strong><\/h2>\n\n\n\n<p><strong>&nbsp; &nbsp;    &nbsp; <\/strong><span class=\"has-inline-color has-vivid-cyan-blue-color\"><strong>&nbsp;3&nbsp;ans pour<\/strong><\/span> :<\/p>\n\n\n\n<p>*&nbsp; Acqu\u00e9rir un haut niveau de pratique de ski (alpin \/ nordique)<\/p>\n\n\n\n<p>*&nbsp; Devenir un connaisseur des espaces montagnards<\/p>\n\n\n\n<p>*&nbsp; Pr\u00e9parer son insertion sociale et professionnelle<\/p>\n\n\n\n<p>\u200b<\/p>\n\n\n\n<p><mark style=\"background-color:rgba(0, 0, 0, 0)\" class=\"has-inline-color has-vivid-cyan-blue-color\">&nbsp; &nbsp; &nbsp; &nbsp;&nbsp;<strong>Pr\u00e9paration<\/strong> <strong>au :<\/strong><\/mark><\/p>\n\n\n\n<ul class=\"wp-block-list\">\n<li>Baccalaur\u00e9at (La section sportive compte dans le cadre de l&rsquo;enseignement optionnel autres pratiques sportives\/points au dessus de la moyenne)<\/li>\n\n\n\n<li>Pr\u00e9paration et d\u00e9couverte du test probatoire au DE Accompagnateur Moyenne Montagne<\/li>\n\n\n\n<li>Pr\u00e9paration et d\u00e9couverte du test de qualification technique au BN Pisteur Secouriste<\/li>\n\n\n\n<li>Brevets F\u00e9d\u00e9raux (MF1 =monitorat f\u00e9d\u00e9ral 1er niveau)<\/li>\n\n\n\n<li>Dipl\u00f4mes de secourisme individuel (PSC1) et en \u00e9quipe : PSE1 et PSE2<\/li>\n\n\n\n<li>Pilote handiski si\u00e8ge Tessier<\/li>\n\n\n\n<li>Participation aux activit\u00e9s associatives : Ski Club, F\u00e9d\u00e9ration&#8230;<\/li>\n\n\n\n<li>Encadrement par des professionnels de la montagne (Guide de haute montagne, moniteur de ski, \u2026) et rencontre avec diff\u00e9rentes professions (PGHM, AEM, pisteurs, m\u00e9t\u00e9orologue de la montagne&#8230;)<\/li>\n<\/ul>\n\n\n\n<p><\/p>\n\n\n\n<h2 class=\"wp-block-heading has-text-align-center\">PAR SEMAINE, 1H DE PR\u00c9PARATION PHYSIQUE + 2 APR\u00c8S-MIDI DE PRATIQUE SPORTIVE<\/h2>\n\n\n\n<div class=\"wp-block-columns is-layout-flex wp-container-core-columns-is-layout-9d6595d7 wp-block-columns-is-layout-flex\">\n<div class=\"wp-block-column is-layout-flow wp-block-column-is-layout-flow\" style=\"flex-basis:100%\">\n<figure class=\"wp-block-gallery has-nested-images columns-default is-cropped wp-block-gallery-1 is-layout-flex wp-block-gallery-is-layout-flex\">\n<figure class=\"wp-block-image size-large\"><img loading=\"lazy\" decoding=\"async\" width=\"1024\" height=\"1024\" data-id=\"473\" src=\"https:\/\/lyceerochefortmontagne.fr\/wp-content\/uploads\/2022\/08\/UCIP8556-1024x1024.jpg\" alt=\"\" class=\"wp-image-473\" srcset=\"https:\/\/lyceerochefortmontagne.fr\/wp-content\/uploads\/2022\/08\/UCIP8556-1024x1024.jpg 1024w, https:\/\/lyceerochefortmontagne.fr\/wp-content\/uploads\/2022\/08\/UCIP8556-300x300.jpg 300w, https:\/\/lyceerochefortmontagne.fr\/wp-content\/uploads\/2022\/08\/UCIP8556-150x150.jpg 150w, https:\/\/lyceerochefortmontagne.fr\/wp-content\/uploads\/2022\/08\/UCIP8556-768x768.jpg 768w, https:\/\/lyceerochefortmontagne.fr\/wp-content\/uploads\/2022\/08\/UCIP8556-640x640.jpg 640w, https:\/\/lyceerochefortmontagne.fr\/wp-content\/uploads\/2022\/08\/UCIP8556-100x100.jpg 100w, https:\/\/lyceerochefortmontagne.fr\/wp-content\/uploads\/2022\/08\/UCIP8556-50x50.jpg 50w, https:\/\/lyceerochefortmontagne.fr\/wp-content\/uploads\/2022\/08\/UCIP8556.jpg 1440w\" sizes=\"auto, (max-width: 767px) 89vw, (max-width: 1000px) 54vw, (max-width: 1071px) 543px, 580px\" \/><\/figure>\n\n\n\n<figure class=\"wp-block-image size-large\"><img loading=\"lazy\" decoding=\"async\" width=\"1024\" height=\"498\" data-id=\"475\" src=\"https:\/\/lyceerochefortmontagne.fr\/wp-content\/uploads\/2022\/08\/3b35775f-1501-44a7-ac95-ac0f7ce84bc0-1024x498.jpg\" alt=\"\" class=\"wp-image-475\" srcset=\"https:\/\/lyceerochefortmontagne.fr\/wp-content\/uploads\/2022\/08\/3b35775f-1501-44a7-ac95-ac0f7ce84bc0-1024x498.jpg 1024w, https:\/\/lyceerochefortmontagne.fr\/wp-content\/uploads\/2022\/08\/3b35775f-1501-44a7-ac95-ac0f7ce84bc0-300x146.jpg 300w, https:\/\/lyceerochefortmontagne.fr\/wp-content\/uploads\/2022\/08\/3b35775f-1501-44a7-ac95-ac0f7ce84bc0-768x373.jpg 768w, https:\/\/lyceerochefortmontagne.fr\/wp-content\/uploads\/2022\/08\/3b35775f-1501-44a7-ac95-ac0f7ce84bc0-1536x746.jpg 1536w, https:\/\/lyceerochefortmontagne.fr\/wp-content\/uploads\/2022\/08\/3b35775f-1501-44a7-ac95-ac0f7ce84bc0.jpg 1599w\" sizes=\"auto, (max-width: 767px) 89vw, (max-width: 1000px) 54vw, (max-width: 1071px) 543px, 580px\" \/><\/figure>\n<\/figure>\n<\/div>\n<\/div>\n\n\n\n<div data-wp-interactive=\"core\/file\" class=\"wp-block-file\"><object data-wp-bind--hidden=\"!state.hasPdfPreview\" hidden class=\"wp-block-file__embed\" data=\"https:\/\/lyceerochefortmontagne.fr\/wp-content\/uploads\/2025\/07\/Fiche-formation-section-sportive.pdf\" type=\"application\/pdf\" style=\"width:100%;height:600px\" aria-label=\"Contenu embarqu\u00e9 Fiche formation section sportive.\"><\/object><a id=\"wp-block-file--media-d2a70ae8-732c-4f4a-a8ff-59960cf13a14\" href=\"https:\/\/lyceerochefortmontagne.fr\/wp-content\/uploads\/2025\/07\/Fiche-formation-section-sportive.pdf\">Fiche formation section sportive<\/a><a href=\"https:\/\/lyceerochefortmontagne.fr\/wp-content\/uploads\/2025\/07\/Fiche-formation-section-sportive.pdf\" class=\"wp-block-file__button wp-element-button\" download aria-describedby=\"wp-block-file--media-d2a70ae8-732c-4f4a-a8ff-59960cf13a14\">T\u00e9l\u00e9charger<\/a><\/div>\n","protected":false},"excerpt":{"rendered":"<p>Au c\u0153ur d\u2019un environnement paysager et naturel exceptionnel.Terrain d\u2019activit\u00e9s des sportifs avides de nature pr\u00e9serv\u00e9e&#8230; &nbsp; &nbsp; &nbsp; &nbsp;3&nbsp;ans pour : *&nbsp; Acqu\u00e9rir un haut niveau de pratique de ski (alpin \/ nordique) *&nbsp; Devenir un connaisseur des espaces montagnards *&nbsp; Pr\u00e9parer son insertion sociale et professionnelle \u200b &nbsp; &nbsp; &nbsp; &nbsp;&nbsp;Pr\u00e9paration au : PAR &hellip; <\/p>\n<p class=\"link-more\"><a href=\"https:\/\/lyceerochefortmontagne.fr\/?page_id=288\" class=\"more-link\">Continuer la lecture<span class=\"screen-reader-text\"> de &laquo;&nbsp;La section sportive Montagne-Ski&nbsp;&raquo;<\/span><\/a><\/p>\n","protected":false},"author":1,"featured_media":0,"parent":0,"menu_order":0,"comment_status":"closed","ping_status":"closed","template":"","meta":{"footnotes":""},"class_list":["post-288","page","type-page","status-publish","hentry"],"_links":{"self":[{"href":"https:\/\/lyceerochefortmontagne.fr\/index.php?rest_route=\/wp\/v2\/pages\/288","targetHints":{"allow":["GET"]}}],"collection":[{"href":"https:\/\/lyceerochefortmontagne.fr\/index.php?rest_route=\/wp\/v2\/pages"}],"about":[{"href":"https:\/\/lyceerochefortmontagne.fr\/index.php?rest_route=\/wp\/v2\/types\/page"}],"author":[{"embeddable":true,"href":"https:\/\/lyceerochefortmontagne.fr\/index.php?rest_route=\/wp\/v2\/users\/1"}],"replies":[{"embeddable":true,"href":"https:\/\/lyceerochefortmontagne.fr\/index.php?rest_route=%2Fwp%2Fv2%2Fcomments&post=288"}],"version-history":[{"count":11,"href":"https:\/\/lyceerochefortmontagne.fr\/index.php?rest_route=\/wp\/v2\/pages\/288\/revisions"}],"predecessor-version":[{"id":1066,"href":"https:\/\/lyceerochefortmontagne.fr\/index.php?rest_route=\/wp\/v2\/pages\/288\/revisions\/1066"}],"wp:attachment":[{"href":"https:\/\/lyceerochefortmontagne.fr\/index.php?rest_route=%2Fwp%2Fv2%2Fmedia&parent=288"}],"curies":[{"name":"wp","href":"https:\/\/api.w.org\/{rel}","templated":true}]}}